{"id":7689,"date":"2024-04-11T14:46:54","date_gmt":"2024-04-11T14:46:54","guid":{"rendered":"https:\/\/ribarnicajerman.si\/termini-e-condizioni\/"},"modified":"2024-04-14T19:01:30","modified_gmt":"2024-04-14T19:01:30","slug":"termini-e-condizioni","status":"publish","type":"page","link":"https:\/\/ribarnicajerman.si\/it\/termini-e-condizioni\/","title":{"rendered":"Termini e condizioni"},"content":{"rendered":"\t\t<div data-elementor-type=\"wp-page\" data-elementor-id=\"7689\" class=\"elementor elementor-7689 elementor-7582\">\n\t\t\t\t<div class=\"elementor-element elementor-element-2b13893 e-flex e-con-boxed e-con e-parent\" data-id=\"2b13893\" data-element_type=\"container\">\n\t\t\t\t\t<div class=\"e-con-inner\">\n\t\t\t\t<div class=\"elementor-element elementor-element-4fd9b69 elementor-widget elementor-widget-text-editor\" data-id=\"4fd9b69\" data-element_type=\"widget\" data-widget_type=\"text-editor.default\">\n\t\t\t\t<div class=\"elementor-widget-container\">\n\t\t\t\t\t\t\t\t\t<div>\n<div>\n<h4>Avviso legale<\/h4>\n<p><span style=\"color: var( --e-global-color-text ); font-family: var( --e-global-typography-text-font-family ), Sans-serif; font-weight: var( --e-global-typography-text-font-weight ); text-align: var(--text-align);\">Tutto il contenuto pubblicato sul sito web ribarnicajerman.si \u00e8 di propriet\u00e0 dell&#8217;azienda Vilim Jerman s.p. e \u00e8 in <\/span><span style=\"color: var( --e-global-color-text ); font-family: var( --e-global-typography-text-font-family ), Sans-serif; font-weight: var( --e-global-typography-text-font-weight ); text-align: var(--text-align);\">nel quadro legale consentito dal diritto d&#8217;autore o da altre forme di protezione della propriet\u00e0 intellettuale. <\/span><span style=\"color: var( --e-global-color-text ); font-family: var( --e-global-typography-text-font-family ), Sans-serif; font-weight: var( --e-global-typography-text-font-weight ); text-align: var(--text-align);\">Contenuti (testi, immagini, loghi&#8230;) pubblicati su questi siti web possono essere utilizzati esclusivamente in <\/span><span style=\"color: var( --e-global-color-text ); font-family: var( --e-global-typography-text-font-family ), Sans-serif; font-weight: var( --e-global-typography-text-font-weight ); text-align: var(--text-align);\">scopi non commerciali e non devono essere modificati, copiati, riprodotti, ri-pubblicati, <\/span><span style=\"color: var( --e-global-color-text ); font-family: var( --e-global-typography-text-font-family ), Sans-serif; font-weight: var( --e-global-typography-text-font-weight ); text-align: var(--text-align);\">spediti per posta o altrimenti diffondere per scopi commerciali senza esplicita autorizzazione scritta. <\/span><span style=\"color: var( --e-global-color-text ); font-family: var( --e-global-typography-text-font-family ), Sans-serif; font-weight: var( --e-global-typography-text-font-weight ); text-align: var(--text-align);\">azienda Vilim Jerman s.p.<\/span><\/p>\n<\/div>\n<p>Tutte le riproduzioni o copie dei contenuti di questi siti web devono conservare anche tutte le indicazioni indicate <span style=\"color: var( --e-global-color-text ); font-family: var( --e-global-typography-text-font-family ), Sans-serif; font-weight: var( --e-global-typography-text-font-weight ); text-align: var(--text-align);\">dei diritti d&#8217;autore, altri avvisi o diritti di propriet\u00e0 intellettuale o avvisi su altri diritti (simbolo \u00a9<\/span><span style=\"color: var( --e-global-color-text ); font-family: var( --e-global-typography-text-font-family ), Sans-serif; font-weight: var( --e-global-typography-text-font-weight ); text-align: var(--text-align);\">Ribarnica Jerman Vilim).<\/span><\/p>\n<\/div>\n<div>\n<h4>PROTEZIONE DEI DATI PERSONALI<\/h4>\n<h3><strong><span style=\"color: #7a7a7a; font-family: Roboto, sans-serif;\"><span style=\"font-size: 16px;\">CONDIZIONI GENERALI E PROTEZIONE DEI DATI PERSONALI<\/span><\/span><\/strong><\/h3>\n<div>\n<ul>\n<li> Nell&#8217;azienda VILIM JERMAN S.P. (di seguito Ribarnica Jerman), in particolare sul nostro sito web ribarnicajerman.si, rispettiamo la tua privacy e proteggiamo i tuoi dati.<\/li>\n<li>I vostri dati personali, la loro raccolta e utilizzo costituiscono una parte integrante dei nostri Termini e condizioni generali di servizio e possono essere interpretati solo con la conoscenza di questi ultimi, pertanto vi consigliamo di leggere l&#8217;intero testo.<\/li>\n<li>Operiamo in conformit\u00e0 con la Legge sulla protezione dei dati personali (ZVOP-1) e, a partire dalla pubblicazione di queste regole, anche con il Regolamento generale sulla protezione dei dati (GDPR) dell&#8217;Unione Europea.<\/li>\n<li>Conformandoci al GDPR, abbiamo semplificato ulteriormente la gestione delle vostre impostazioni e abbiamo reso pi\u00f9 semplice la lettura e la comprensione di questi termini. Abbiamo definito in modo pi\u00f9 chiaro come lavoriamo con i nostri partner, terze parti, cookie e altre tecnologie di tracciamento.<\/li>\n<\/ul>\n<p><b>DATI PERSONALI CHE RACCOGLIAMO<\/b><\/p>\n<p>Raccogliamo diversi tipi di dati personali sui nostri utenti:<\/p>\n<ul>\n<li>Dati di contatto sull&#8217;identit\u00e0: nome, indirizzo email e numero di telefono. Potete richiedere l&#8217;accesso ai vostri dati inviando un&#8217;email a <strong><a href=\"mailto:info@ribarnicajerman.si\">info@ribarnicajerman.si<\/a><\/strong><\/li>\n<li>Dati sugli ordini: nome, cognome, indirizzo email, numero di telefono e posizione. Potete richiedere l&#8217;accesso ai vostri dati inviando un&#8217;email a <strong><a href=\"mailto:info@ribarnicajerman.si\">info@ribarnicajerman.si<\/a><\/strong><\/li>\n<li>File di log: registrano le azioni che avvengono sul sito web e raccolgono dati, inclusi il vostro indirizzo IP, il tipo di browser, il provider di servizi Internet, le pagine di riferimento\/uscita e i timestamp delle date\/orari.<\/li>\n<\/ul>\n<p><b>COME OTTENIAMO I DATI<\/b><\/p>\n<p>Otteniamo i vostri dati in diversi modi, quando:<\/p>\n<ul>\n<li>Ci contattate<\/li>\n<li>Effettuare un ordine<\/li>\n<li>Vi iscrivete al nostro sistema di notifiche per la consegna, offerte e promozioni<\/li>\n<\/ul>\n<p><b>COSA FACCIAMO CON I TUOI DATI<\/b><\/p>\n<p>Raccogliamo i dati degli utenti per:<\/p>\n<ul>\n<li> Adempimento dei nostri obblighi legali (ad esempio, per la tenuta dei registri finanziari e commerciali),<\/li>\n<li>Eseguire i vostri ordini<\/li>\n<li>Le domande che ci inviate tramite moduli di contatto o indirizzi email pubblicati sul sito web verranno utilizzate esclusivamente per risolvere il problema o fornire una risposta alla domanda.<\/li>\n<li>Se comunicate con noi tramite qualsiasi social media, potremmo utilizzare i vostri dati anche per inviarvi messaggi di marketing tramite lo stesso social media, in conformit\u00e0 con i termini e le autorizzazioni fornite all&#8217;amministratore del social media.<\/li>\n<\/ul>\n<p><b>CHI HA ACCESSO AI TUOI DATI PERSONALI<\/b><\/p>\n<p>Oltre a noi, i nostri partner fidati potrebbero utilizzare i tuoi dati personali per eseguire attivit\u00e0 in conformit\u00e0 con la legge sulla protezione dei dati personali e il Regolamento generale sulla protezione dei dati dell&#8217;Unione europea.<\/p>\n<ul>\n<li>Autorit\u00e0 autorizzate, se richiesto dalla legge (tribunale, ecc.)<\/li>\n<li>Azienda informatica che gestisce il server e il sito web<\/li>\n<li>Piattaforma di email marketing SqualoMail d.o.o.<\/li>\n<li>Proprietario del server (azienda slovena registrata)<\/li>\n<\/ul>\n<h5>Periodo di conservazione dei dati personali<\/h5>\n<p>Conserveremo e tratteremo i vostri dati personali nella misura necessaria per perseguire gli scopi del trattamento e fino a quando sar\u00e0 necessario per completare le attivit\u00e0 ordinate o concordate, e successivamente entro i termini di prescrizione per gli obblighi che potrebbero derivare dal trattamento di tali dati personali.<\/p>\n<p>I dati ottenuti sulla base del consenso saranno conservati fino a revoca.<\/p>\n<h5>Garanzia della sicurezza<\/h5>\n<p>Sui nostri siti web utilizziamo diversi sistemi di sicurezza che garantiscono una protezione adeguata contro la perdita, la divulgazione, la modifica non autorizzata o l&#8217;abuso dei dati. Per i trasferimenti di tutti i dati personali utilizziamo la tecnologia SSL, che si occupa della crittografia di tutte le informazioni.<\/p>\n<p>L&#8217;accesso ai dati personali raccolti \u00e8 consentito solo a persone autorizzate (dipendenti, partner contrattuali) con nome utente e password.<\/p>\n<p>Vi preghiamo di aiutarci a proteggere i vostri dati personali assicurandovi anche di mantenere sicuro il vostro nome utente e la password.<\/p>\n<\/div>\n<h4>I TUOI DIRITTI<\/h4>\n<p>Forniamo a tutti i nostri clienti e utenti tutto il supporto necessario per esercitare i diritti di seguito elencati:<\/p>\n<ul>\n<li>Na tej strani vas v celoti seznanjamo s tem, kako uporabljamo va\u0161e osebne podatke vpogled v vse podatke, ki jih imamo zbrane o vas je mo\u017een preko <strong><a href=\"mailto:info@ribarnicajerman.si\">info@ribarnicajerman.si<\/a><\/strong><\/li>\n<li>Siamo sempre disponibili per consentirvi di esercitare il vostro diritto di rettifica. Vi consentiamo di correggere e aggiornare praticamente tutti i vostri dati personali inviando un&#8217;email a <strong><a href=\"mailto:info@ribarnicajerman.si\">info@ribarnicajerman.si<\/a><\/strong><\/li>\n<li>In determinate circostanze, hai il diritto di richiedere un divieto temporaneo o permanente sul trattamento ulteriore dei tuoi dati personali, totali o parziali; su tua richiesta, ti forniremo i tuoi dati personali raccolti in formato elettronico.<\/li>\n<li>Tutti gli altri diritti possono essere esercitati notificandoci la vostra richiesta tramite lettera raccomandata all&#8217;indirizzo: VILIM JERMAN S.P. Pristani\u0161ka ulica 2, 6000 Koper \u2013 Capodistria GDPR \u2013 OGGETTO, dove OGGETTO pu\u00f2 essere uno dei diritti garantiti: accesso, integrazione, rettifica, limitazione del trattamento dei dati, blocco del trattamento dei dati, cancellazione dei dati personali, opposizione al trattamento dei dati, portabilit\u00e0 dei dati.<\/li>\n<\/ul>\n<h4>Aggiornamento e modifiche<\/h4>\n<p>Ci riserviamo il diritto di modificare o aggiornare parti di queste Regole in qualsiasi momento e senza preavviso. Visitare periodicamente il nostro sito web per essere informati su eventuali modifiche o aggiornamenti alle Regole. La data di entrata in vigore della versione attuale delle Regole sar\u00e0 resa nota.<\/p>\n<\/div>\n\t\t\t\t\t\t\t\t<\/div>\n\t\t\t\t<\/div>\n\t\t\t\t\t<\/div>\n\t\t\t\t<\/div>\n\t\t\t\t<\/div>\n\t\t","protected":false},"excerpt":{"rendered":"<p>Avviso legale Tutto il contenuto pubblicato sul sito web ribarnicajerman.si \u00e8 di propriet\u00e0 dell&#8217;azienda Vilim Jerman s.p. e \u00e8 in nel quadro legale consentito dal diritto d&#8217;autore o da altre forme di protezione della propriet\u00e0 intellettuale. Contenuti (testi, immagini, loghi&#8230;) pubblicati su questi siti web possono essere utilizzati esclusivamente in scopi non commerciali e non [&hellip;]<\/p>\n","protected":false},"author":1,"featured_media":0,"parent":0,"menu_order":0,"comment_status":"closed","ping_status":"closed","template":"","meta":{"footnotes":""},"class_list":["post-7689","page","type-page","status-publish","hentry"],"yoast_head":"<!-- This site is optimized with the Yoast SEO plugin v26.2 - https:\/\/yoast.com\/wordpress\/plugins\/seo\/ -->\n<title>Termini e condizioni - Ribarnica Jerman<\/title>\n<meta name=\"robots\" content=\"index, follow, max-snippet:-1, max-image-preview:large, max-video-preview:-1\" \/>\n<link rel=\"canonical\" href=\"https:\/\/ribarnicajerman.si\/it\/termini-e-condizioni\/\" \/>\n<meta property=\"og:locale\" content=\"it_IT\" \/>\n<meta property=\"og:type\" content=\"article\" \/>\n<meta property=\"og:title\" content=\"Termini e condizioni - Ribarnica Jerman\" \/>\n<meta property=\"og:description\" content=\"Avviso legale Tutto il contenuto pubblicato sul sito web ribarnicajerman.si \u00e8 di propriet\u00e0 dell&#8217;azienda Vilim Jerman s.p. e \u00e8 in nel quadro legale consentito dal diritto d&#8217;autore o da altre forme di protezione della propriet\u00e0 intellettuale. Contenuti (testi, immagini, loghi&#8230;) pubblicati su questi siti web possono essere utilizzati esclusivamente in scopi non commerciali e non [&hellip;]\" \/>\n<meta property=\"og:url\" content=\"https:\/\/ribarnicajerman.si\/it\/termini-e-condizioni\/\" \/>\n<meta property=\"og:site_name\" content=\"Ribarnica Jerman\" \/>\n<meta property=\"article:publisher\" content=\"https:\/\/www.facebook.com\/ribarnicajerman\/\" \/>\n<meta property=\"article:modified_time\" content=\"2024-04-14T19:01:30+00:00\" \/>\n<meta name=\"twitter:card\" content=\"summary_large_image\" \/>\n<meta name=\"twitter:label1\" content=\"Tempo di lettura stimato\" \/>\n\t<meta name=\"twitter:data1\" content=\"5 minuti\" \/>\n<script type=\"application\/ld+json\" class=\"yoast-schema-graph\">{\"@context\":\"https:\/\/schema.org\",\"@graph\":[{\"@type\":\"WebPage\",\"@id\":\"https:\/\/ribarnicajerman.si\/it\/termini-e-condizioni\/\",\"url\":\"https:\/\/ribarnicajerman.si\/it\/termini-e-condizioni\/\",\"name\":\"Termini e condizioni - Ribarnica Jerman\",\"isPartOf\":{\"@id\":\"https:\/\/ribarnicajerman.si\/it\/#website\"},\"datePublished\":\"2024-04-11T14:46:54+00:00\",\"dateModified\":\"2024-04-14T19:01:30+00:00\",\"breadcrumb\":{\"@id\":\"https:\/\/ribarnicajerman.si\/it\/termini-e-condizioni\/#breadcrumb\"},\"inLanguage\":\"it-IT\",\"potentialAction\":[{\"@type\":\"ReadAction\",\"target\":[\"https:\/\/ribarnicajerman.si\/it\/termini-e-condizioni\/\"]}]},{\"@type\":\"BreadcrumbList\",\"@id\":\"https:\/\/ribarnicajerman.si\/it\/termini-e-condizioni\/#breadcrumb\",\"itemListElement\":[{\"@type\":\"ListItem\",\"position\":1,\"name\":\"Home\",\"item\":\"https:\/\/ribarnicajerman.si\/it\/\"},{\"@type\":\"ListItem\",\"position\":2,\"name\":\"Termini e condizioni\"}]},{\"@type\":\"WebSite\",\"@id\":\"https:\/\/ribarnicajerman.si\/it\/#website\",\"url\":\"https:\/\/ribarnicajerman.si\/it\/\",\"name\":\"Ribarnica Jerman\",\"description\":\"Ribarnica z najdalj\u0161o tradicijo v Sloveniji.\",\"publisher\":{\"@id\":\"https:\/\/ribarnicajerman.si\/it\/#organization\"},\"inLanguage\":\"it-IT\"},{\"@type\":\"Organization\",\"@id\":\"https:\/\/ribarnicajerman.si\/it\/#organization\",\"name\":\"Ribarnica Jerman\",\"url\":\"https:\/\/ribarnicajerman.si\/it\/\",\"logo\":{\"@type\":\"ImageObject\",\"inLanguage\":\"it-IT\",\"@id\":\"https:\/\/ribarnicajerman.si\/it\/#\/schema\/logo\/image\/\",\"url\":\"https:\/\/ribarnicajerman.si\/wp-content\/uploads\/2024\/02\/Jerman_logotip-pdf.svg\",\"contentUrl\":\"https:\/\/ribarnicajerman.si\/wp-content\/uploads\/2024\/02\/Jerman_logotip-pdf.svg\",\"width\":1,\"height\":1,\"caption\":\"Ribarnica Jerman\"},\"image\":{\"@id\":\"https:\/\/ribarnicajerman.si\/it\/#\/schema\/logo\/image\/\"},\"sameAs\":[\"https:\/\/www.facebook.com\/ribarnicajerman\/\",\"https:\/\/www.instagram.com\/ribarnica.pescheria.jerman\/\"]}]}<\/script>\n<!-- \/ Yoast SEO plugin. -->","yoast_head_json":{"title":"Termini e condizioni - Ribarnica Jerman","robots":{"index":"index","follow":"follow","max-snippet":"max-snippet:-1","max-image-preview":"max-image-preview:large","max-video-preview":"max-video-preview:-1"},"canonical":"https:\/\/ribarnicajerman.si\/it\/termini-e-condizioni\/","og_locale":"it_IT","og_type":"article","og_title":"Termini e condizioni - Ribarnica Jerman","og_description":"Avviso legale Tutto il contenuto pubblicato sul sito web ribarnicajerman.si \u00e8 di propriet\u00e0 dell&#8217;azienda Vilim Jerman s.p. e \u00e8 in nel quadro legale consentito dal diritto d&#8217;autore o da altre forme di protezione della propriet\u00e0 intellettuale. Contenuti (testi, immagini, loghi&#8230;) pubblicati su questi siti web possono essere utilizzati esclusivamente in scopi non commerciali e non [&hellip;]","og_url":"https:\/\/ribarnicajerman.si\/it\/termini-e-condizioni\/","og_site_name":"Ribarnica Jerman","article_publisher":"https:\/\/www.facebook.com\/ribarnicajerman\/","article_modified_time":"2024-04-14T19:01:30+00:00","twitter_card":"summary_large_image","twitter_misc":{"Tempo di lettura stimato":"5 minuti"},"schema":{"@context":"https:\/\/schema.org","@graph":[{"@type":"WebPage","@id":"https:\/\/ribarnicajerman.si\/it\/termini-e-condizioni\/","url":"https:\/\/ribarnicajerman.si\/it\/termini-e-condizioni\/","name":"Termini e condizioni - Ribarnica Jerman","isPartOf":{"@id":"https:\/\/ribarnicajerman.si\/it\/#website"},"datePublished":"2024-04-11T14:46:54+00:00","dateModified":"2024-04-14T19:01:30+00:00","breadcrumb":{"@id":"https:\/\/ribarnicajerman.si\/it\/termini-e-condizioni\/#breadcrumb"},"inLanguage":"it-IT","potentialAction":[{"@type":"ReadAction","target":["https:\/\/ribarnicajerman.si\/it\/termini-e-condizioni\/"]}]},{"@type":"BreadcrumbList","@id":"https:\/\/ribarnicajerman.si\/it\/termini-e-condizioni\/#breadcrumb","itemListElement":[{"@type":"ListItem","position":1,"name":"Home","item":"https:\/\/ribarnicajerman.si\/it\/"},{"@type":"ListItem","position":2,"name":"Termini e condizioni"}]},{"@type":"WebSite","@id":"https:\/\/ribarnicajerman.si\/it\/#website","url":"https:\/\/ribarnicajerman.si\/it\/","name":"Ribarnica Jerman","description":"Ribarnica z najdalj\u0161o tradicijo v Sloveniji.","publisher":{"@id":"https:\/\/ribarnicajerman.si\/it\/#organization"},"inLanguage":"it-IT"},{"@type":"Organization","@id":"https:\/\/ribarnicajerman.si\/it\/#organization","name":"Ribarnica Jerman","url":"https:\/\/ribarnicajerman.si\/it\/","logo":{"@type":"ImageObject","inLanguage":"it-IT","@id":"https:\/\/ribarnicajerman.si\/it\/#\/schema\/logo\/image\/","url":"https:\/\/ribarnicajerman.si\/wp-content\/uploads\/2024\/02\/Jerman_logotip-pdf.svg","contentUrl":"https:\/\/ribarnicajerman.si\/wp-content\/uploads\/2024\/02\/Jerman_logotip-pdf.svg","width":1,"height":1,"caption":"Ribarnica Jerman"},"image":{"@id":"https:\/\/ribarnicajerman.si\/it\/#\/schema\/logo\/image\/"},"sameAs":["https:\/\/www.facebook.com\/ribarnicajerman\/","https:\/\/www.instagram.com\/ribarnica.pescheria.jerman\/"]}]}},"_links":{"self":[{"href":"https:\/\/ribarnicajerman.si\/it\/wp-json\/wp\/v2\/pages\/7689","targetHints":{"allow":["GET"]}}],"collection":[{"href":"https:\/\/ribarnicajerman.si\/it\/wp-json\/wp\/v2\/pages"}],"about":[{"href":"https:\/\/ribarnicajerman.si\/it\/wp-json\/wp\/v2\/types\/page"}],"author":[{"embeddable":true,"href":"https:\/\/ribarnicajerman.si\/it\/wp-json\/wp\/v2\/users\/1"}],"replies":[{"embeddable":true,"href":"https:\/\/ribarnicajerman.si\/it\/wp-json\/wp\/v2\/comments?post=7689"}],"version-history":[{"count":1,"href":"https:\/\/ribarnicajerman.si\/it\/wp-json\/wp\/v2\/pages\/7689\/revisions"}],"predecessor-version":[{"id":7690,"href":"https:\/\/ribarnicajerman.si\/it\/wp-json\/wp\/v2\/pages\/7689\/revisions\/7690"}],"wp:attachment":[{"href":"https:\/\/ribarnicajerman.si\/it\/wp-json\/wp\/v2\/media?parent=7689"}],"curies":[{"name":"wp","href":"https:\/\/api.w.org\/{rel}","templated":true}]}}